{"id":7542,"date":"2026-04-29T18:26:20","date_gmt":"2026-04-29T16:26:20","guid":{"rendered":"https:\/\/www.orangehotel.be\/?post_type=rooms&#038;p=7542"},"modified":"2026-04-29T18:26:23","modified_gmt":"2026-04-29T16:26:23","slug":"business-pmr-kamer","status":"publish","type":"rooms","link":"https:\/\/www.orangehotel.be\/nl\/kamers\/business-pmr-kamer\/","title":{"rendered":"BUSINESS KAMER VOOR MENSEN MET EEN BEPERKTE MOBILITEIT"},"content":{"rendered":"\n<div class=\"wp-block-columns is-layout-flex wp-container-core-columns-is-layout-9d6595d7 wp-block-columns-is-layout-flex\">\n<div class=\"wp-block-column is-layout-flow wp-block-column-is-layout-flow\" style=\"flex-basis:55%\">\n<div class=\"wp-block-getwid-images-slider has-arrows-none has-dots-inside has-images-center has-cropped-images\"><div class=\"wp-block-getwid-images-slider__wrapper\" data-effect=\"fade\" data-slides-show=\"1\" data-slides-show-laptop=\"1\" data-slides-show-tablet=\"1\" data-slides-show-mobile=\"1\" data-slides-scroll=\"1\" data-autoplay=\"true\" data-pause-hover=\"false\" data-autoplay-speed=\"6000\" data-infinite=\"true\" data-animation-speed=\"800\" data-center-mode=\"false\" data-variable-width=\"false\" data-arrows=\"none\" data-dots=\"inside\" data-spacing=\"none\"><div class=\"wp-block-getwid-images-slider__item\"><figure><img decoding=\"async\" width=\"1920\" height=\"1280\" src=\"https:\/\/www.orangehotel.be\/wp-content\/uploads\/2026\/04\/orange-hotel-business-room-3-2.jpg\" alt=\"Business kamer van Orange Hotel\" data-id=\"7535\" data-link=\"https:\/\/www.orangehotel.be\/nl\/kamers\/business-kamer\/orange-hotel-business-room-3-3\/\" data-original-link=\"https:\/\/www.orangehotel.be\/wp-content\/uploads\/2026\/04\/orange-hotel-business-room-3-2.jpg\" class=\"wp-block-getwid-images-slider__image wp-image-7535\" srcset=\"https:\/\/www.orangehotel.be\/wp-content\/uploads\/2026\/04\/orange-hotel-business-room-3-2.jpg 1920w, https:\/\/www.orangehotel.be\/wp-content\/uploads\/2026\/04\/orange-hotel-business-room-3-2-300x200.jpg 300w, https:\/\/www.orangehotel.be\/wp-content\/uploads\/2026\/04\/orange-hotel-business-room-3-2-1024x683.jpg 1024w, https:\/\/www.orangehotel.be\/wp-content\/uploads\/2026\/04\/orange-hotel-business-room-3-2-768x512.jpg 768w, https:\/\/www.orangehotel.be\/wp-content\/uploads\/2026\/04\/orange-hotel-business-room-3-2-1536x1024.jpg 1536w, https:\/\/www.orangehotel.be\/wp-content\/uploads\/2026\/04\/orange-hotel-business-room-3-2-1850x1233.jpg 1850w\" sizes=\"(max-width: 1920px) 100vw, 1920px\" \/><\/figure><\/div><div class=\"wp-block-getwid-images-slider__item\"><figure><img decoding=\"async\" width=\"1920\" height=\"1280\" src=\"https:\/\/www.orangehotel.be\/wp-content\/uploads\/2026\/04\/orange-hotel-business-room-2-2.jpg\" alt=\"Kantoorruimte van Orange Hotel\" data-id=\"7534\" data-link=\"https:\/\/www.orangehotel.be\/nl\/kamers\/business-kamer\/orange-hotel-business-room-2-3\/\" data-original-link=\"https:\/\/www.orangehotel.be\/wp-content\/uploads\/2026\/04\/orange-hotel-business-room-2-2.jpg\" class=\"wp-block-getwid-images-slider__image wp-image-7534\" srcset=\"https:\/\/www.orangehotel.be\/wp-content\/uploads\/2026\/04\/orange-hotel-business-room-2-2.jpg 1920w, https:\/\/www.orangehotel.be\/wp-content\/uploads\/2026\/04\/orange-hotel-business-room-2-2-300x200.jpg 300w, https:\/\/www.orangehotel.be\/wp-content\/uploads\/2026\/04\/orange-hotel-business-room-2-2-1024x683.jpg 1024w, https:\/\/www.orangehotel.be\/wp-content\/uploads\/2026\/04\/orange-hotel-business-room-2-2-768x512.jpg 768w, https:\/\/www.orangehotel.be\/wp-content\/uploads\/2026\/04\/orange-hotel-business-room-2-2-1536x1024.jpg 1536w, https:\/\/www.orangehotel.be\/wp-content\/uploads\/2026\/04\/orange-hotel-business-room-2-2-1850x1233.jpg 1850w\" sizes=\"(max-width: 1920px) 100vw, 1920px\" \/><\/figure><\/div><div class=\"wp-block-getwid-images-slider__item\"><figure><img decoding=\"async\" width=\"1920\" height=\"1280\" src=\"https:\/\/www.orangehotel.be\/wp-content\/uploads\/2026\/04\/orange-hotel-business-room-4-2.jpg\" alt=\"Badkamer van Orange Hotel\" data-id=\"7536\" data-link=\"https:\/\/www.orangehotel.be\/nl\/kamers\/business-kamer\/orange-hotel-business-room-4-3\/\" data-original-link=\"https:\/\/www.orangehotel.be\/wp-content\/uploads\/2026\/04\/orange-hotel-business-room-4-2.jpg\" class=\"wp-block-getwid-images-slider__image wp-image-7536\" srcset=\"https:\/\/www.orangehotel.be\/wp-content\/uploads\/2026\/04\/orange-hotel-business-room-4-2.jpg 1920w, https:\/\/www.orangehotel.be\/wp-content\/uploads\/2026\/04\/orange-hotel-business-room-4-2-300x200.jpg 300w, https:\/\/www.orangehotel.be\/wp-content\/uploads\/2026\/04\/orange-hotel-business-room-4-2-1024x683.jpg 1024w, https:\/\/www.orangehotel.be\/wp-content\/uploads\/2026\/04\/orange-hotel-business-room-4-2-768x512.jpg 768w, https:\/\/www.orangehotel.be\/wp-content\/uploads\/2026\/04\/orange-hotel-business-room-4-2-1536x1024.jpg 1536w, https:\/\/www.orangehotel.be\/wp-content\/uploads\/2026\/04\/orange-hotel-business-room-4-2-1850x1233.jpg 1850w\" sizes=\"(max-width: 1920px) 100vw, 1920px\" \/><\/figure><\/div><\/div><\/div>\n<\/div>\n\n\n\n<div class=\"wp-block-column is-layout-flow wp-block-column-is-layout-flow\"><h2 class=\"wp-block-post-title\">BUSINESS KAMER VOOR MENSEN MET EEN BEPERKTE MOBILITEIT<\/h2>\n\n\n<div class=\"wp-block-group oh-room-price\"><div class=\"wp-block-group__inner-container is-layout-flow wp-block-group-is-layout-flow\"><p><em>Vanaf<\/em> 118\u20ac\/nacht<\/p>\n<\/div><\/div>\n\n\n\n<div class=\"wp-block-columns oh-room-infos is-layout-flex wp-container-core-columns-is-layout-9d6595d7 wp-block-columns-is-layout-flex\">\n<div class=\"wp-block-column is-layout-flow wp-block-column-is-layout-flow\">\n<p><em>Maximale mensen<\/em><\/p>\n\n\n2 personen \n<\/div>\n\n\n\n<div class=\"wp-block-column is-layout-flow wp-block-column-is-layout-flow\">\n<p><em>Bed<\/em><\/p>\n\n\n1 kingsize bed of 2 eenpersoonsbedden \n<\/div>\n\n\n\n<div class=\"wp-block-column is-layout-flow wp-block-column-is-layout-flow\">\n<p><em>Grootte<\/em><\/p>\n\n\n25 m\u00b2 \n<\/div>\n<\/div>\n\n\n<div class=\"wp-block-post-excerpt\"><p class=\"wp-block-post-excerpt__excerpt\">Twee eenpersoonsbedden of een kingsize bed voor \u00e9\u00e9n of twee personen. <\/p><\/div>\n\n\n<div class=\"wp-block-buttons is-layout-flex wp-block-buttons-is-layout-flex\">\n<div class=\"wp-block-button\"><a class=\"wp-block-button__link wp-element-button\" href=\"https:\/\/booking.roomraccoon.com\/orangehotel\/fr\/\">Boek deze kamer<\/a><\/div>\n<\/div>\n<\/div>\n<\/div>\n\n\n\n<div class=\"wp-block-getwid-advanced-spacer\" style=\"height:4vw\" aria-hidden=\"true\"><\/div>\n\n\n\n<div class=\"wp-block-getwid-tabs\" data-active-tab=\"0\"><ul class=\"wp-block-getwid-tabs__nav-links\"><\/ul>\n<div class=\"wp-block-getwid-tabs__nav-link\"><span class=\"wp-block-getwid-tabs__title-wrapper\"><a href=\"#\"><span class=\"wp-block-getwid-tabs__title\">Beschrijving<\/span><\/a><\/span><\/div><div class=\"wp-block-getwid-tabs__tab-content-wrapper\"><div class=\"wp-block-getwid-tabs__tab-content\">\n<p>Vergemakkelijk het verblijf van mensen met beperkte mobiliteit in onze Business PMR Room<\/p>\n\n\n\n<p><\/p>\n\n\n\n<p>Onze Business PMR Room is speciaal ontworpen voor korte verblijven voor onze reizigers met beperkte mobiliteit. Ze zijn uitgerust met hoogwaardig beddengoed van 180 x 200 cm (met de mogelijkheid van aparte bedden), tegelvloeren, individueel regelbare airconditioning, een kledingkast, een kleine koelkast, bagageopslag, een thee- en koffietafel, een bureau (inclusief een comfortabele fauteuil, een telefoon, toegang tot het bekabelde internetnetwerk), een gratis en veilige Wi-Fi-verbinding, een multimedia LED 55 \u201d Smart TV met een ruime keuze aan kanalen en streamingplatforms, en een lichte en stijlvolle individuele doucheruimte (inclusief wastafel, toilet, inloopdouche, haardroger, make-upspiegel, gezandstraald glas en welkomstproducten). De grote deuropeningen, circulatiegebieden, hoogte van de uitrusting en ondersteuningsapparatuur zijn allemaal ontworpen om mensen in rolstoelen te huisvesten.<\/p>\n\n\n\n<p><\/p>\n\n\n\n<p>De maximale bezetting voor de Business Room is 2 personen. Een huisdier wordt tegen een toeslag in de kamer geaccepteerd. Al onze kamers zijn rookvrij (met een boete opgelegd wegens niet-naleving). <\/p>\n<\/div><\/div>\n\n\n\n<div class=\"wp-block-getwid-tabs__nav-link\"><span class=\"wp-block-getwid-tabs__title-wrapper\"><a href=\"#\"><span class=\"wp-block-getwid-tabs__title\">Voerzieningen<\/span><\/a><\/span><\/div><div class=\"wp-block-getwid-tabs__tab-content-wrapper\"><div class=\"wp-block-getwid-tabs__tab-content\">\n<ul class=\"wp-block-list\">\n<li>Veilige en gratis Wi-Fi-toegang<\/li>\n\n\n\n<li>Airconditioning<\/li>\n\n\n\n<li>Hoffelijkheidsbak<\/li>\n\n\n\n<li>Philips 55 \u201d Smart TV met meer dan 60 tv-kanalen en toegang tot streamingplatforms<\/li>\n\n\n\n<li>Telefoon<\/li>\n\n\n\n<li>Doucheruimte<\/li>\n<\/ul>\n<\/div><\/div>\n\n\n\n<div class=\"wp-block-getwid-tabs__nav-link\"><span class=\"wp-block-getwid-tabs__title-wrapper\"><a href=\"#\"><span class=\"wp-block-getwid-tabs__title\">Voorwaarden<\/span><\/a><\/span><\/div><div class=\"wp-block-getwid-tabs__tab-content-wrapper\"><div class=\"wp-block-getwid-tabs__tab-content\">\n<div class=\"wp-block-getwid-accordion has-icon-left\" data-active-element=\"none\">\n<div class=\"wp-block-getwid-accordion__header-wrapper\"><span class=\"wp-block-getwid-accordion__header\"><a href=\"#\"><span class=\"wp-block-getwid-accordion__header-title\">Inchecken<\/span><span class=\"wp-block-getwid-accordion__icon is-active\"><i class=\"fas fa-plus\"><\/i><\/span><span class=\"wp-block-getwid-accordion__icon is-passive\"><i class=\"fas fa-minus\"><\/i><\/span><\/a><\/span><\/div><div class=\"wp-block-getwid-accordion__content-wrapper\"><div class=\"wp-block-getwid-accordion__content\">\n<p>Vanaf 15u<\/p>\n<\/div><\/div>\n\n\n\n<div class=\"wp-block-getwid-accordion__header-wrapper\"><span class=\"wp-block-getwid-accordion__header\"><a href=\"#\"><span class=\"wp-block-getwid-accordion__header-title\">Uitchecken<\/span><span class=\"wp-block-getwid-accordion__icon is-active\"><i class=\"fas fa-plus\"><\/i><\/span><span class=\"wp-block-getwid-accordion__icon is-passive\"><i class=\"fas fa-minus\"><\/i><\/span><\/a><\/span><\/div><div class=\"wp-block-getwid-accordion__content-wrapper\"><div class=\"wp-block-getwid-accordion__content\">\n<p>Tot 12 uur<\/p>\n<\/div><\/div>\n\n\n\n<div class=\"wp-block-getwid-accordion__header-wrapper\"><span class=\"wp-block-getwid-accordion__header\"><a href=\"#\"><span class=\"wp-block-getwid-accordion__header-title\">Voorwaarden en annulering<\/span><span class=\"wp-block-getwid-accordion__icon is-active\"><i class=\"fas fa-plus\"><\/i><\/span><span class=\"wp-block-getwid-accordion__icon is-passive\"><i class=\"fas fa-minus\"><\/i><\/span><\/a><\/span><\/div><div class=\"wp-block-getwid-accordion__content-wrapper\"><div class=\"wp-block-getwid-accordion__content\">\n<p>Raadpleeg de verkoopvoorwaarden van het geboekte tarief.<\/p>\n<\/div><\/div>\n\n\n\n<div class=\"wp-block-getwid-accordion__header-wrapper\"><span class=\"wp-block-getwid-accordion__header\"><a href=\"#\"><span class=\"wp-block-getwid-accordion__header-title\">Huisdieren<\/span><span class=\"wp-block-getwid-accordion__icon is-active\"><i class=\"fas fa-plus\"><\/i><\/span><span class=\"wp-block-getwid-accordion__icon is-passive\"><i class=\"fas fa-minus\"><\/i><\/span><\/a><\/span><\/div><div class=\"wp-block-getwid-accordion__content-wrapper\"><div class=\"wp-block-getwid-accordion__content\">\n<p>Een\u00a0huisdier\u00a0wordt\u00a0tegen\u00a0een\u00a0toeslag\u00a0in de\u00a0kamer\u00a0geaccepteerd.<\/p>\n<\/div><\/div>\n\n\n\n<div class=\"wp-block-getwid-accordion__header-wrapper\"><span class=\"wp-block-getwid-accordion__header\"><a href=\"#\"><span class=\"wp-block-getwid-accordion__header-title\">Groep<\/span><span class=\"wp-block-getwid-accordion__icon is-active\"><i class=\"fas fa-plus\"><\/i><\/span><span class=\"wp-block-getwid-accordion__icon is-passive\"><i class=\"fas fa-minus\"><\/i><\/span><\/a><\/span><\/div><div class=\"wp-block-getwid-accordion__content-wrapper\"><div class=\"wp-block-getwid-accordion__content\">\n<p>Reis je met een groep? We kunnen speciale tarieven en voorwaarden bieden voor groepen van 8 kamers of meer. Neem contact met ons op!\u202f<\/p>\n<\/div><\/div>\n<\/div>\n<\/div><\/div>\n<\/div>\n","protected":false},"excerpt":{"rendered":"<p>Twee eenpersoonsbedden of een kingsize bed voor \u00e9\u00e9n of twee personen.<\/p>\n","protected":false},"featured_media":7527,"parent":0,"menu_order":0,"template":"","class_list":["post-7542","rooms","type-rooms","status-publish","has-post-thumbnail","hentry"],"acf":[],"yoast_head":"<!-- This site is optimized with the Yoast SEO plugin v27.3 - https:\/\/yoast.com\/product\/yoast-seo-wordpress\/ -->\n<title>BUSINESS KAMER VOOR MENSEN MET EEN BEPERKTE MOBILITEIT &#8226; Orange H\u00f4tel<\/title>\n<meta name=\"robots\" content=\"index, follow, max-snippet:-1, max-image-preview:large, max-video-preview:-1\" \/>\n<link rel=\"canonical\" href=\"https:\/\/www.orangehotel.be\/nl\/kamers\/business-pmr-kamer\/\" \/>\n<meta property=\"og:locale\" content=\"nl_NL\" \/>\n<meta property=\"og:type\" content=\"article\" \/>\n<meta property=\"og:title\" content=\"BUSINESS KAMER VOOR MENSEN MET EEN BEPERKTE MOBILITEIT &#8226; Orange H\u00f4tel\" \/>\n<meta property=\"og:description\" content=\"Twee eenpersoonsbedden of een kingsize bed voor \u00e9\u00e9n of twee personen.\" \/>\n<meta property=\"og:url\" content=\"https:\/\/www.orangehotel.be\/nl\/kamers\/business-pmr-kamer\/\" \/>\n<meta property=\"og:site_name\" content=\"Orange H\u00f4tel\" \/>\n<meta property=\"article:modified_time\" content=\"2026-04-29T16:26:23+00:00\" \/>\n<meta property=\"og:image\" content=\"https:\/\/www.orangehotel.be\/wp-content\/uploads\/2026\/04\/orange-hotel-business-room-3.jpg\" \/>\n\t<meta property=\"og:image:width\" content=\"1920\" \/>\n\t<meta property=\"og:image:height\" content=\"1280\" \/>\n\t<meta property=\"og:image:type\" content=\"image\/jpeg\" \/>\n<meta name=\"twitter:card\" content=\"summary_large_image\" \/>\n<script type=\"application\/ld+json\" class=\"yoast-schema-graph\">{\"@context\":\"https:\\\/\\\/schema.org\",\"@graph\":[{\"@type\":\"WebPage\",\"@id\":\"https:\\\/\\\/www.orangehotel.be\\\/nl\\\/kamers\\\/business-pmr-kamer\\\/\",\"url\":\"https:\\\/\\\/www.orangehotel.be\\\/nl\\\/kamers\\\/business-pmr-kamer\\\/\",\"name\":\"BUSINESS KAMER VOOR MENSEN MET EEN BEPERKTE MOBILITEIT &#8226; Orange H\u00f4tel\",\"isPartOf\":{\"@id\":\"https:\\\/\\\/www.orangehotel.be\\\/nl\\\/#website\"},\"primaryImageOfPage\":{\"@id\":\"https:\\\/\\\/www.orangehotel.be\\\/nl\\\/kamers\\\/business-pmr-kamer\\\/#primaryimage\"},\"image\":{\"@id\":\"https:\\\/\\\/www.orangehotel.be\\\/nl\\\/kamers\\\/business-pmr-kamer\\\/#primaryimage\"},\"thumbnailUrl\":\"https:\\\/\\\/www.orangehotel.be\\\/wp-content\\\/uploads\\\/2026\\\/04\\\/orange-hotel-business-room-3.jpg\",\"datePublished\":\"2026-04-29T16:26:20+00:00\",\"dateModified\":\"2026-04-29T16:26:23+00:00\",\"breadcrumb\":{\"@id\":\"https:\\\/\\\/www.orangehotel.be\\\/nl\\\/kamers\\\/business-pmr-kamer\\\/#breadcrumb\"},\"inLanguage\":\"nl-NL\",\"potentialAction\":[{\"@type\":\"ReadAction\",\"target\":[\"https:\\\/\\\/www.orangehotel.be\\\/nl\\\/kamers\\\/business-pmr-kamer\\\/\"]}]},{\"@type\":\"ImageObject\",\"inLanguage\":\"nl-NL\",\"@id\":\"https:\\\/\\\/www.orangehotel.be\\\/nl\\\/kamers\\\/business-pmr-kamer\\\/#primaryimage\",\"url\":\"https:\\\/\\\/www.orangehotel.be\\\/wp-content\\\/uploads\\\/2026\\\/04\\\/orange-hotel-business-room-3.jpg\",\"contentUrl\":\"https:\\\/\\\/www.orangehotel.be\\\/wp-content\\\/uploads\\\/2026\\\/04\\\/orange-hotel-business-room-3.jpg\",\"width\":1920,\"height\":1280,\"caption\":\"Chambre Business de l'Orange Hotel\"},{\"@type\":\"BreadcrumbList\",\"@id\":\"https:\\\/\\\/www.orangehotel.be\\\/nl\\\/kamers\\\/business-pmr-kamer\\\/#breadcrumb\",\"itemListElement\":[{\"@type\":\"ListItem\",\"position\":1,\"name\":\"Accueil\",\"item\":\"https:\\\/\\\/www.orangehotel.be\\\/nl\\\/\"},{\"@type\":\"ListItem\",\"position\":2,\"name\":\"Chambres\",\"item\":\"https:\\\/\\\/www.orangehotel.be\\\/nl\\\/kamers\\\/\"},{\"@type\":\"ListItem\",\"position\":3,\"name\":\"BUSINESS KAMER VOOR MENSEN MET EEN BEPERKTE MOBILITEIT\"}]},{\"@type\":\"WebSite\",\"@id\":\"https:\\\/\\\/www.orangehotel.be\\\/nl\\\/#website\",\"url\":\"https:\\\/\\\/www.orangehotel.be\\\/nl\\\/\",\"name\":\"Orange H\u00f4tel\",\"description\":\"Un h\u00f4tel B&amp;B entre La Louvi\u00e8re et Mons, proche de l&#039;A\u00e9roport de Charleroi\",\"publisher\":{\"@id\":\"https:\\\/\\\/www.orangehotel.be\\\/nl\\\/#organization\"},\"potentialAction\":[{\"@type\":\"SearchAction\",\"target\":{\"@type\":\"EntryPoint\",\"urlTemplate\":\"https:\\\/\\\/www.orangehotel.be\\\/nl\\\/?s={search_term_string}\"},\"query-input\":{\"@type\":\"PropertyValueSpecification\",\"valueRequired\":true,\"valueName\":\"search_term_string\"}}],\"inLanguage\":\"nl-NL\"},{\"@type\":\"Organization\",\"@id\":\"https:\\\/\\\/www.orangehotel.be\\\/nl\\\/#organization\",\"name\":\"Orange H\u00f4tel\",\"url\":\"https:\\\/\\\/www.orangehotel.be\\\/nl\\\/\",\"logo\":{\"@type\":\"ImageObject\",\"inLanguage\":\"nl-NL\",\"@id\":\"https:\\\/\\\/www.orangehotel.be\\\/nl\\\/#\\\/schema\\\/logo\\\/image\\\/\",\"url\":\"https:\\\/\\\/orangehotel.be\\\/wp-content\\\/uploads\\\/2021\\\/11\\\/logo.png\",\"contentUrl\":\"https:\\\/\\\/orangehotel.be\\\/wp-content\\\/uploads\\\/2021\\\/11\\\/logo.png\",\"width\":213,\"height\":68,\"caption\":\"Orange H\u00f4tel\"},\"image\":{\"@id\":\"https:\\\/\\\/www.orangehotel.be\\\/nl\\\/#\\\/schema\\\/logo\\\/image\\\/\"}}]}<\/script>\n<!-- \/ Yoast SEO plugin. -->","yoast_head_json":{"title":"BUSINESS KAMER VOOR MENSEN MET EEN BEPERKTE MOBILITEIT &#8226; Orange H\u00f4tel","robots":{"index":"index","follow":"follow","max-snippet":"max-snippet:-1","max-image-preview":"max-image-preview:large","max-video-preview":"max-video-preview:-1"},"canonical":"https:\/\/www.orangehotel.be\/nl\/kamers\/business-pmr-kamer\/","og_locale":"nl_NL","og_type":"article","og_title":"BUSINESS KAMER VOOR MENSEN MET EEN BEPERKTE MOBILITEIT &#8226; Orange H\u00f4tel","og_description":"Twee eenpersoonsbedden of een kingsize bed voor \u00e9\u00e9n of twee personen.","og_url":"https:\/\/www.orangehotel.be\/nl\/kamers\/business-pmr-kamer\/","og_site_name":"Orange H\u00f4tel","article_modified_time":"2026-04-29T16:26:23+00:00","og_image":[{"width":1920,"height":1280,"url":"https:\/\/www.orangehotel.be\/wp-content\/uploads\/2026\/04\/orange-hotel-business-room-3.jpg","type":"image\/jpeg"}],"twitter_card":"summary_large_image","schema":{"@context":"https:\/\/schema.org","@graph":[{"@type":"WebPage","@id":"https:\/\/www.orangehotel.be\/nl\/kamers\/business-pmr-kamer\/","url":"https:\/\/www.orangehotel.be\/nl\/kamers\/business-pmr-kamer\/","name":"BUSINESS KAMER VOOR MENSEN MET EEN BEPERKTE MOBILITEIT &#8226; Orange H\u00f4tel","isPartOf":{"@id":"https:\/\/www.orangehotel.be\/nl\/#website"},"primaryImageOfPage":{"@id":"https:\/\/www.orangehotel.be\/nl\/kamers\/business-pmr-kamer\/#primaryimage"},"image":{"@id":"https:\/\/www.orangehotel.be\/nl\/kamers\/business-pmr-kamer\/#primaryimage"},"thumbnailUrl":"https:\/\/www.orangehotel.be\/wp-content\/uploads\/2026\/04\/orange-hotel-business-room-3.jpg","datePublished":"2026-04-29T16:26:20+00:00","dateModified":"2026-04-29T16:26:23+00:00","breadcrumb":{"@id":"https:\/\/www.orangehotel.be\/nl\/kamers\/business-pmr-kamer\/#breadcrumb"},"inLanguage":"nl-NL","potentialAction":[{"@type":"ReadAction","target":["https:\/\/www.orangehotel.be\/nl\/kamers\/business-pmr-kamer\/"]}]},{"@type":"ImageObject","inLanguage":"nl-NL","@id":"https:\/\/www.orangehotel.be\/nl\/kamers\/business-pmr-kamer\/#primaryimage","url":"https:\/\/www.orangehotel.be\/wp-content\/uploads\/2026\/04\/orange-hotel-business-room-3.jpg","contentUrl":"https:\/\/www.orangehotel.be\/wp-content\/uploads\/2026\/04\/orange-hotel-business-room-3.jpg","width":1920,"height":1280,"caption":"Chambre Business de l'Orange Hotel"},{"@type":"BreadcrumbList","@id":"https:\/\/www.orangehotel.be\/nl\/kamers\/business-pmr-kamer\/#breadcrumb","itemListElement":[{"@type":"ListItem","position":1,"name":"Accueil","item":"https:\/\/www.orangehotel.be\/nl\/"},{"@type":"ListItem","position":2,"name":"Chambres","item":"https:\/\/www.orangehotel.be\/nl\/kamers\/"},{"@type":"ListItem","position":3,"name":"BUSINESS KAMER VOOR MENSEN MET EEN BEPERKTE MOBILITEIT"}]},{"@type":"WebSite","@id":"https:\/\/www.orangehotel.be\/nl\/#website","url":"https:\/\/www.orangehotel.be\/nl\/","name":"Orange H\u00f4tel","description":"Un h\u00f4tel B&amp;B entre La Louvi\u00e8re et Mons, proche de l&#039;A\u00e9roport de Charleroi","publisher":{"@id":"https:\/\/www.orangehotel.be\/nl\/#organization"},"potentialAction":[{"@type":"SearchAction","target":{"@type":"EntryPoint","urlTemplate":"https:\/\/www.orangehotel.be\/nl\/?s={search_term_string}"},"query-input":{"@type":"PropertyValueSpecification","valueRequired":true,"valueName":"search_term_string"}}],"inLanguage":"nl-NL"},{"@type":"Organization","@id":"https:\/\/www.orangehotel.be\/nl\/#organization","name":"Orange H\u00f4tel","url":"https:\/\/www.orangehotel.be\/nl\/","logo":{"@type":"ImageObject","inLanguage":"nl-NL","@id":"https:\/\/www.orangehotel.be\/nl\/#\/schema\/logo\/image\/","url":"https:\/\/orangehotel.be\/wp-content\/uploads\/2021\/11\/logo.png","contentUrl":"https:\/\/orangehotel.be\/wp-content\/uploads\/2021\/11\/logo.png","width":213,"height":68,"caption":"Orange H\u00f4tel"},"image":{"@id":"https:\/\/www.orangehotel.be\/nl\/#\/schema\/logo\/image\/"}}]}},"_links":{"self":[{"href":"https:\/\/www.orangehotel.be\/nl\/wp-json\/wp\/v2\/rooms\/7542","targetHints":{"allow":["GET"]}}],"collection":[{"href":"https:\/\/www.orangehotel.be\/nl\/wp-json\/wp\/v2\/rooms"}],"about":[{"href":"https:\/\/www.orangehotel.be\/nl\/wp-json\/wp\/v2\/types\/rooms"}],"version-history":[{"count":1,"href":"https:\/\/www.orangehotel.be\/nl\/wp-json\/wp\/v2\/rooms\/7542\/revisions"}],"predecessor-version":[{"id":7543,"href":"https:\/\/www.orangehotel.be\/nl\/wp-json\/wp\/v2\/rooms\/7542\/revisions\/7543"}],"wp:featuredmedia":[{"embeddable":true,"href":"https:\/\/www.orangehotel.be\/nl\/wp-json\/wp\/v2\/media\/7527"}],"wp:attachment":[{"href":"https:\/\/www.orangehotel.be\/nl\/wp-json\/wp\/v2\/media?parent=7542"}],"curies":[{"name":"wp","href":"https:\/\/api.w.org\/{rel}","templated":true}]}}