{"id":7567,"date":"2026-04-30T10:50:53","date_gmt":"2026-04-30T08:50:53","guid":{"rendered":"https:\/\/www.orangehotel.be\/?post_type=rooms&#038;p=7567"},"modified":"2026-04-30T10:50:54","modified_gmt":"2026-04-30T08:50:54","slug":"appart-hotel-80m","status":"publish","type":"rooms","link":"https:\/\/www.orangehotel.be\/nl\/kamers\/appart-hotel-80m\/","title":{"rendered":"Appart Hotel 80m\u00b2"},"content":{"rendered":"\n<div class=\"wp-block-columns is-layout-flex wp-container-core-columns-is-layout-9d6595d7 wp-block-columns-is-layout-flex\">\n<div class=\"wp-block-column is-layout-flow wp-block-column-is-layout-flow\" style=\"flex-basis:55%\">\n<div class=\"wp-block-getwid-images-slider has-arrows-none has-dots-inside has-images-center has-cropped-images\"><div class=\"wp-block-getwid-images-slider__wrapper\" data-effect=\"fade\" data-slides-show=\"1\" data-slides-show-laptop=\"1\" data-slides-show-tablet=\"1\" data-slides-show-mobile=\"1\" data-slides-scroll=\"1\" data-autoplay=\"true\" data-pause-hover=\"false\" data-autoplay-speed=\"6000\" data-infinite=\"true\" data-animation-speed=\"800\" data-center-mode=\"false\" data-variable-width=\"false\" data-arrows=\"none\" data-dots=\"inside\" data-spacing=\"none\"><div class=\"wp-block-getwid-images-slider__item\"><figure><img decoding=\"async\" width=\"1920\" height=\"1280\" src=\"https:\/\/www.orangehotel.be\/wp-content\/uploads\/2026\/04\/orange-hotel-serviced-appartment-apparthotel80sqm-2-2.jpg\" alt=\"Appart hotel in La Louvi\u00e8re\" data-id=\"7572\" data-link=\"https:\/\/www.orangehotel.be\/nl\/?attachment_id=7572\" data-original-link=\"https:\/\/www.orangehotel.be\/wp-content\/uploads\/2026\/04\/orange-hotel-serviced-appartment-apparthotel80sqm-2-2.jpg\" class=\"wp-block-getwid-images-slider__image wp-image-7572\" srcset=\"https:\/\/www.orangehotel.be\/wp-content\/uploads\/2026\/04\/orange-hotel-serviced-appartment-apparthotel80sqm-2-2.jpg 1920w, https:\/\/www.orangehotel.be\/wp-content\/uploads\/2026\/04\/orange-hotel-serviced-appartment-apparthotel80sqm-2-2-300x200.jpg 300w, https:\/\/www.orangehotel.be\/wp-content\/uploads\/2026\/04\/orange-hotel-serviced-appartment-apparthotel80sqm-2-2-1024x683.jpg 1024w, https:\/\/www.orangehotel.be\/wp-content\/uploads\/2026\/04\/orange-hotel-serviced-appartment-apparthotel80sqm-2-2-768x512.jpg 768w, https:\/\/www.orangehotel.be\/wp-content\/uploads\/2026\/04\/orange-hotel-serviced-appartment-apparthotel80sqm-2-2-1536x1024.jpg 1536w, https:\/\/www.orangehotel.be\/wp-content\/uploads\/2026\/04\/orange-hotel-serviced-appartment-apparthotel80sqm-2-2-1850x1233.jpg 1850w\" sizes=\"(max-width: 1920px) 100vw, 1920px\" \/><\/figure><\/div><div class=\"wp-block-getwid-images-slider__item\"><figure><img decoding=\"async\" width=\"1920\" height=\"1280\" src=\"https:\/\/www.orangehotel.be\/wp-content\/uploads\/2026\/04\/orange-hotel-serviced-appartment-apparthotel80sqm-12-2.jpg\" alt=\"Het terras van appart hotel 80m\u00b2\" data-id=\"7575\" data-link=\"https:\/\/www.orangehotel.be\/nl\/?attachment_id=7575\" data-original-link=\"https:\/\/www.orangehotel.be\/wp-content\/uploads\/2026\/04\/orange-hotel-serviced-appartment-apparthotel80sqm-12-2.jpg\" class=\"wp-block-getwid-images-slider__image wp-image-7575\" srcset=\"https:\/\/www.orangehotel.be\/wp-content\/uploads\/2026\/04\/orange-hotel-serviced-appartment-apparthotel80sqm-12-2.jpg 1920w, https:\/\/www.orangehotel.be\/wp-content\/uploads\/2026\/04\/orange-hotel-serviced-appartment-apparthotel80sqm-12-2-300x200.jpg 300w, https:\/\/www.orangehotel.be\/wp-content\/uploads\/2026\/04\/orange-hotel-serviced-appartment-apparthotel80sqm-12-2-1024x683.jpg 1024w, https:\/\/www.orangehotel.be\/wp-content\/uploads\/2026\/04\/orange-hotel-serviced-appartment-apparthotel80sqm-12-2-768x512.jpg 768w, https:\/\/www.orangehotel.be\/wp-content\/uploads\/2026\/04\/orange-hotel-serviced-appartment-apparthotel80sqm-12-2-1536x1024.jpg 1536w, https:\/\/www.orangehotel.be\/wp-content\/uploads\/2026\/04\/orange-hotel-serviced-appartment-apparthotel80sqm-12-2-1850x1233.jpg 1850w\" sizes=\"(max-width: 1920px) 100vw, 1920px\" \/><\/figure><\/div><div class=\"wp-block-getwid-images-slider__item\"><figure><img decoding=\"async\" width=\"1920\" height=\"1280\" src=\"https:\/\/www.orangehotel.be\/wp-content\/uploads\/2026\/04\/orange-hotel-serviced-appartment-apparthotel80sqm-4-2.jpg\" alt=\"Living appart hotel\" data-id=\"7573\" data-link=\"https:\/\/www.orangehotel.be\/nl\/?attachment_id=7573\" data-original-link=\"https:\/\/www.orangehotel.be\/wp-content\/uploads\/2026\/04\/orange-hotel-serviced-appartment-apparthotel80sqm-4-2.jpg\" class=\"wp-block-getwid-images-slider__image wp-image-7573\" srcset=\"https:\/\/www.orangehotel.be\/wp-content\/uploads\/2026\/04\/orange-hotel-serviced-appartment-apparthotel80sqm-4-2.jpg 1920w, https:\/\/www.orangehotel.be\/wp-content\/uploads\/2026\/04\/orange-hotel-serviced-appartment-apparthotel80sqm-4-2-300x200.jpg 300w, https:\/\/www.orangehotel.be\/wp-content\/uploads\/2026\/04\/orange-hotel-serviced-appartment-apparthotel80sqm-4-2-1024x683.jpg 1024w, https:\/\/www.orangehotel.be\/wp-content\/uploads\/2026\/04\/orange-hotel-serviced-appartment-apparthotel80sqm-4-2-768x512.jpg 768w, https:\/\/www.orangehotel.be\/wp-content\/uploads\/2026\/04\/orange-hotel-serviced-appartment-apparthotel80sqm-4-2-1536x1024.jpg 1536w, https:\/\/www.orangehotel.be\/wp-content\/uploads\/2026\/04\/orange-hotel-serviced-appartment-apparthotel80sqm-4-2-1850x1233.jpg 1850w\" sizes=\"(max-width: 1920px) 100vw, 1920px\" \/><\/figure><\/div><div class=\"wp-block-getwid-images-slider__item\"><figure><img decoding=\"async\" width=\"1920\" height=\"1280\" src=\"https:\/\/www.orangehotel.be\/wp-content\/uploads\/2026\/04\/orange-hotel-serviced-appartment-apparthotel80sqm-7-2.jpg\" alt=\"Een bed van appart hotel in La Louvi\u00e8re\" data-id=\"7574\" data-link=\"https:\/\/www.orangehotel.be\/nl\/?attachment_id=7574\" data-original-link=\"https:\/\/www.orangehotel.be\/wp-content\/uploads\/2026\/04\/orange-hotel-serviced-appartment-apparthotel80sqm-7-2.jpg\" class=\"wp-block-getwid-images-slider__image wp-image-7574\" srcset=\"https:\/\/www.orangehotel.be\/wp-content\/uploads\/2026\/04\/orange-hotel-serviced-appartment-apparthotel80sqm-7-2.jpg 1920w, https:\/\/www.orangehotel.be\/wp-content\/uploads\/2026\/04\/orange-hotel-serviced-appartment-apparthotel80sqm-7-2-300x200.jpg 300w, https:\/\/www.orangehotel.be\/wp-content\/uploads\/2026\/04\/orange-hotel-serviced-appartment-apparthotel80sqm-7-2-1024x683.jpg 1024w, https:\/\/www.orangehotel.be\/wp-content\/uploads\/2026\/04\/orange-hotel-serviced-appartment-apparthotel80sqm-7-2-768x512.jpg 768w, https:\/\/www.orangehotel.be\/wp-content\/uploads\/2026\/04\/orange-hotel-serviced-appartment-apparthotel80sqm-7-2-1536x1024.jpg 1536w, https:\/\/www.orangehotel.be\/wp-content\/uploads\/2026\/04\/orange-hotel-serviced-appartment-apparthotel80sqm-7-2-1850x1233.jpg 1850w\" sizes=\"(max-width: 1920px) 100vw, 1920px\" \/><\/figure><\/div><\/div><\/div>\n<\/div>\n\n\n\n<div class=\"wp-block-column is-layout-flow wp-block-column-is-layout-flow\"><h2 class=\"wp-block-post-title\">Appart Hotel 80m\u00b2<\/h2>\n\n\n<div class=\"wp-block-group oh-room-price\"><div class=\"wp-block-group__inner-container is-layout-flow wp-block-group-is-layout-flow\"><p><em>Vanaf<\/em>\u20ac 144,60\/nacht<\/p>\n<\/div><\/div>\n\n\n\n<div class=\"wp-block-columns oh-room-infos is-layout-flex wp-container-core-columns-is-layout-9d6595d7 wp-block-columns-is-layout-flex\">\n<div class=\"wp-block-column is-layout-flow wp-block-column-is-layout-flow\">\n<p><em>Max mensen<\/em><\/p>\n\n\n6\n<\/div>\n\n\n\n<div class=\"wp-block-column is-layout-flow wp-block-column-is-layout-flow\">\n<p><em>Bed<\/em><\/p>\n\n\nSlaapbank (1 groot tweepersoonsbed) + 2 tweepersoonskamers of kamers met aparte bedden of 3 tweepersoonskamers of kamers met aparte bedden \n<\/div>\n\n\n\n<div class=\"wp-block-column is-layout-flow wp-block-column-is-layout-flow\">\n<p><em>Grootte<\/em><\/p>\n\n\n80 m\u00b2 \n<\/div>\n<\/div>\n\n\n<div class=\"wp-block-post-excerpt\"><p class=\"wp-block-post-excerpt__excerpt\">Zich thuis Voelen \u2013 dat is het doel van ons Appart Hotel! <\/p><\/div>\n\n\n<div class=\"wp-block-buttons is-layout-flex wp-block-buttons-is-layout-flex\">\n<div class=\"wp-block-button\"><a class=\"wp-block-button__link wp-element-button\" href=\"https:\/\/booking.roomraccoon.com\/orangehotel\/fr\/\">Boek deze kamer<\/a><\/div>\n<\/div>\n<\/div>\n<\/div>\n\n\n\n<div class=\"wp-block-getwid-advanced-spacer\" style=\"height:4vw\" aria-hidden=\"true\"><\/div>\n\n\n\n<div class=\"wp-block-getwid-tabs\" data-active-tab=\"0\"><ul class=\"wp-block-getwid-tabs__nav-links\"><\/ul>\n<div class=\"wp-block-getwid-tabs__nav-link\"><span class=\"wp-block-getwid-tabs__title-wrapper\"><a href=\"#\"><span class=\"wp-block-getwid-tabs__title\">BESCHRIJVING<\/span><\/a><\/span><\/div><div class=\"wp-block-getwid-tabs__tab-content-wrapper\"><div class=\"wp-block-getwid-tabs__tab-content\">\n<p>Onze appartementen van 80 m \u00b2 bestaan uit een woonkamer met een loungeruimte met banken en fauteuils, een 55-inch smart-tv in de woonkamer, een eethoek en een volledig uitgeruste keuken (keramische kookplaat, oven-magnetron, grote koelkast \/ vriezer, waterkoker, keukengerei, serviesgoed).<\/p>\n\n\n\n<p><\/p>\n\n\n\n<p>Vanuit de woonkamer leidt een gang naar de sanitaire ruimtes (1 tot 2 badkamers in Italiaanse stijl, 1 tot 2 toiletten, waarvan \u00e9\u00e9n apart) en de slaapruimtes (ofwel 3 slaapkamers met een tweepersoonsbed of aparte bedden, of 2 slaapkamers met een tweepersoonsbed of aparte bedden en een woonkamer die kan worden omgebouwd tot een tweepersoonsbed voor 2 personen).<\/p>\n\n\n\n<p><\/p>\n\n\n\n<p>Elke slaapkamer is individueel voorzien van airconditioning en uitgerust met een kledingkast, een kofferpak en een tv met groot scherm. Elk appartement heeft een eigen terras met een tafel en 6 stoelen.<\/p>\n\n\n\n<p><\/p>\n\n\n\n<p>Linnengoed en handdoeken zijn aanwezig: lakens, handdoeken, kleine toiletartikelen, stofzuiger, theedoeken, handdoeken \u2026<\/p>\n\n\n\n<p><\/p>\n\n\n\n<p>De verhuur van de appartementen is onafhankelijk van de rest van het hotel, met een specifieke prijs volgens het aantal personen en de duur van uw verblijf. We nodigen u uit om contact met ons op te nemen voor meer informatie.<\/p>\n<\/div><\/div>\n\n\n\n<div class=\"wp-block-getwid-tabs__nav-link\"><span class=\"wp-block-getwid-tabs__title-wrapper\"><a href=\"#\"><span class=\"wp-block-getwid-tabs__title\">VOORZIENINGEN<\/span><\/a><\/span><\/div><div class=\"wp-block-getwid-tabs__tab-content-wrapper\"><div class=\"wp-block-getwid-tabs__tab-content\">\n<ul class=\"wp-block-list\">\n<li>80 m \u00b2<\/li>\n\n\n\n<li>Uitzicht op de binnenplaats of tuin<\/li>\n\n\n\n<li>Niet roken<\/li>\n\n\n\n<li>Airconditioning<\/li>\n\n\n\n<li>Kitchenette<\/li>\n\n\n\n<li>Linnengoed en handdoeken aanwezig<\/li>\n\n\n\n<li>Wekelijkse roomservice<\/li>\n\n\n\n<li>Draadloos internet<\/li>\n\n\n\n<li>Radio wekker<\/li>\n\n\n\n<li>Vaatwasser<\/li>\n\n\n\n<li>Baby<\/li>\n<\/ul>\n<\/div><\/div>\n\n\n\n<div class=\"wp-block-getwid-tabs__nav-link\"><span class=\"wp-block-getwid-tabs__title-wrapper\"><a href=\"#\"><span class=\"wp-block-getwid-tabs__title\">VOORWAARDEN<\/span><\/a><\/span><\/div><div class=\"wp-block-getwid-tabs__tab-content-wrapper\"><div class=\"wp-block-getwid-tabs__tab-content\">\n<div class=\"wp-block-getwid-accordion has-icon-left\" data-active-element=\"none\">\n<div class=\"wp-block-getwid-accordion__header-wrapper\"><span class=\"wp-block-getwid-accordion__header\"><a href=\"#\"><span class=\"wp-block-getwid-accordion__header-title\">Inchecken<\/span><span class=\"wp-block-getwid-accordion__icon is-active\"><i class=\"fas fa-plus\"><\/i><\/span><span class=\"wp-block-getwid-accordion__icon is-passive\"><i class=\"fas fa-minus\"><\/i><\/span><\/a><\/span><\/div><div class=\"wp-block-getwid-accordion__content-wrapper\"><div class=\"wp-block-getwid-accordion__content\">\n<p>Van 15h00.<\/p>\n<\/div><\/div>\n\n\n\n<div class=\"wp-block-getwid-accordion__header-wrapper\"><span class=\"wp-block-getwid-accordion__header\"><a href=\"#\"><span class=\"wp-block-getwid-accordion__header-title\">Uitchecken<\/span><span class=\"wp-block-getwid-accordion__icon is-active\"><i class=\"fas fa-plus\"><\/i><\/span><span class=\"wp-block-getwid-accordion__icon is-passive\"><i class=\"fas fa-minus\"><\/i><\/span><\/a><\/span><\/div><div class=\"wp-block-getwid-accordion__content-wrapper\"><div class=\"wp-block-getwid-accordion__content\">\n<p>Tot 12h00.<\/p>\n<\/div><\/div>\n\n\n\n<div class=\"wp-block-getwid-accordion__header-wrapper\"><span class=\"wp-block-getwid-accordion__header\"><a href=\"#\"><span class=\"wp-block-getwid-accordion__header-title\">Voorwaarden en annulering<\/span><span class=\"wp-block-getwid-accordion__icon is-active\"><i class=\"fas fa-plus\"><\/i><\/span><span class=\"wp-block-getwid-accordion__icon is-passive\"><i class=\"fas fa-minus\"><\/i><\/span><\/a><\/span><\/div><div class=\"wp-block-getwid-accordion__content-wrapper\"><div class=\"wp-block-getwid-accordion__content\">\n<p>Raadpleeg de verkoopvoorwaarden in het geboekte tarief.<\/p>\n<\/div><\/div>\n\n\n\n<div class=\"wp-block-getwid-accordion__header-wrapper\"><span class=\"wp-block-getwid-accordion__header\"><a href=\"#\"><span class=\"wp-block-getwid-accordion__header-title\">Huisdieren<\/span><span class=\"wp-block-getwid-accordion__icon is-active\"><i class=\"fas fa-plus\"><\/i><\/span><span class=\"wp-block-getwid-accordion__icon is-passive\"><i class=\"fas fa-minus\"><\/i><\/span><\/a><\/span><\/div><div class=\"wp-block-getwid-accordion__content-wrapper\"><div class=\"wp-block-getwid-accordion__content\">\n<p>Honden toegestaan <\/p>\n<\/div><\/div>\n\n\n\n<div class=\"wp-block-getwid-accordion__header-wrapper\"><span class=\"wp-block-getwid-accordion__header\"><a href=\"#\"><span class=\"wp-block-getwid-accordion__header-title\">Groep<\/span><span class=\"wp-block-getwid-accordion__icon is-active\"><i class=\"fas fa-plus\"><\/i><\/span><span class=\"wp-block-getwid-accordion__icon is-passive\"><i class=\"fas fa-minus\"><\/i><\/span><\/a><\/span><\/div><div class=\"wp-block-getwid-accordion__content-wrapper\"><div class=\"wp-block-getwid-accordion__content\">\n<p>Reis je met een groep? We kunnen speciale tarieven en voorwaarden bieden voor groepen van 8 kamers of meer. Neem contact met ons op!\u202f <\/p>\n<\/div><\/div>\n<\/div>\n<\/div><\/div>\n<\/div>\n\n\n\n<p><\/p>\n","protected":false},"excerpt":{"rendered":"<p>Zich thuis Voelen \u2013 dat is het doel van ons Appart Hotel! <\/p>\n","protected":false},"featured_media":7568,"parent":0,"menu_order":0,"template":"","class_list":["post-7567","rooms","type-rooms","status-publish","has-post-thumbnail","hentry"],"acf":[],"yoast_head":"<!-- This site is optimized with the Yoast SEO plugin v27.3 - https:\/\/yoast.com\/product\/yoast-seo-wordpress\/ -->\n<title>Appart Hotel 80m\u00b2 &#8226; Orange H\u00f4tel<\/title>\n<meta name=\"robots\" content=\"index, follow, max-snippet:-1, max-image-preview:large, max-video-preview:-1\" \/>\n<link rel=\"canonical\" href=\"https:\/\/www.orangehotel.be\/nl\/kamers\/appart-hotel-80m\/\" \/>\n<meta property=\"og:locale\" content=\"nl_NL\" \/>\n<meta property=\"og:type\" content=\"article\" \/>\n<meta property=\"og:title\" content=\"Appart Hotel 80m\u00b2 &#8226; Orange H\u00f4tel\" \/>\n<meta property=\"og:description\" content=\"Zich thuis Voelen \u2013 dat is het doel van ons Appart Hotel!\" \/>\n<meta property=\"og:url\" content=\"https:\/\/www.orangehotel.be\/nl\/kamers\/appart-hotel-80m\/\" \/>\n<meta property=\"og:site_name\" content=\"Orange H\u00f4tel\" \/>\n<meta property=\"article:modified_time\" content=\"2026-04-30T08:50:54+00:00\" \/>\n<meta property=\"og:image\" content=\"https:\/\/www.orangehotel.be\/wp-content\/uploads\/2026\/04\/orange-hotel-serviced-appartment-apparthotel80sqm-2-1.jpg\" \/>\n\t<meta property=\"og:image:width\" content=\"1920\" \/>\n\t<meta property=\"og:image:height\" content=\"1280\" \/>\n\t<meta property=\"og:image:type\" content=\"image\/jpeg\" \/>\n<meta name=\"twitter:card\" content=\"summary_large_image\" \/>\n<script type=\"application\/ld+json\" class=\"yoast-schema-graph\">{\"@context\":\"https:\\\/\\\/schema.org\",\"@graph\":[{\"@type\":\"WebPage\",\"@id\":\"https:\\\/\\\/www.orangehotel.be\\\/nl\\\/kamers\\\/appart-hotel-80m\\\/\",\"url\":\"https:\\\/\\\/www.orangehotel.be\\\/nl\\\/kamers\\\/appart-hotel-80m\\\/\",\"name\":\"Appart Hotel 80m\u00b2 &#8226; Orange H\u00f4tel\",\"isPartOf\":{\"@id\":\"https:\\\/\\\/www.orangehotel.be\\\/nl\\\/#website\"},\"primaryImageOfPage\":{\"@id\":\"https:\\\/\\\/www.orangehotel.be\\\/nl\\\/kamers\\\/appart-hotel-80m\\\/#primaryimage\"},\"image\":{\"@id\":\"https:\\\/\\\/www.orangehotel.be\\\/nl\\\/kamers\\\/appart-hotel-80m\\\/#primaryimage\"},\"thumbnailUrl\":\"https:\\\/\\\/www.orangehotel.be\\\/wp-content\\\/uploads\\\/2026\\\/04\\\/orange-hotel-serviced-appartment-apparthotel80sqm-2-1.jpg\",\"datePublished\":\"2026-04-30T08:50:53+00:00\",\"dateModified\":\"2026-04-30T08:50:54+00:00\",\"breadcrumb\":{\"@id\":\"https:\\\/\\\/www.orangehotel.be\\\/nl\\\/kamers\\\/appart-hotel-80m\\\/#breadcrumb\"},\"inLanguage\":\"nl-NL\",\"potentialAction\":[{\"@type\":\"ReadAction\",\"target\":[\"https:\\\/\\\/www.orangehotel.be\\\/nl\\\/kamers\\\/appart-hotel-80m\\\/\"]}]},{\"@type\":\"ImageObject\",\"inLanguage\":\"nl-NL\",\"@id\":\"https:\\\/\\\/www.orangehotel.be\\\/nl\\\/kamers\\\/appart-hotel-80m\\\/#primaryimage\",\"url\":\"https:\\\/\\\/www.orangehotel.be\\\/wp-content\\\/uploads\\\/2026\\\/04\\\/orange-hotel-serviced-appartment-apparthotel80sqm-2-1.jpg\",\"contentUrl\":\"https:\\\/\\\/www.orangehotel.be\\\/wp-content\\\/uploads\\\/2026\\\/04\\\/orange-hotel-serviced-appartment-apparthotel80sqm-2-1.jpg\",\"width\":1920,\"height\":1280,\"caption\":\"Aparthotel 80m\u00b2 in La Louvi\u00e8re (Belgium)\"},{\"@type\":\"BreadcrumbList\",\"@id\":\"https:\\\/\\\/www.orangehotel.be\\\/nl\\\/kamers\\\/appart-hotel-80m\\\/#breadcrumb\",\"itemListElement\":[{\"@type\":\"ListItem\",\"position\":1,\"name\":\"Accueil\",\"item\":\"https:\\\/\\\/www.orangehotel.be\\\/nl\\\/\"},{\"@type\":\"ListItem\",\"position\":2,\"name\":\"Chambres\",\"item\":\"https:\\\/\\\/www.orangehotel.be\\\/nl\\\/kamers\\\/\"},{\"@type\":\"ListItem\",\"position\":3,\"name\":\"Appart Hotel 80m\u00b2\"}]},{\"@type\":\"WebSite\",\"@id\":\"https:\\\/\\\/www.orangehotel.be\\\/nl\\\/#website\",\"url\":\"https:\\\/\\\/www.orangehotel.be\\\/nl\\\/\",\"name\":\"Orange H\u00f4tel\",\"description\":\"Un h\u00f4tel B&amp;B entre La Louvi\u00e8re et Mons, proche de l&#039;A\u00e9roport de Charleroi\",\"publisher\":{\"@id\":\"https:\\\/\\\/www.orangehotel.be\\\/nl\\\/#organization\"},\"potentialAction\":[{\"@type\":\"SearchAction\",\"target\":{\"@type\":\"EntryPoint\",\"urlTemplate\":\"https:\\\/\\\/www.orangehotel.be\\\/nl\\\/?s={search_term_string}\"},\"query-input\":{\"@type\":\"PropertyValueSpecification\",\"valueRequired\":true,\"valueName\":\"search_term_string\"}}],\"inLanguage\":\"nl-NL\"},{\"@type\":\"Organization\",\"@id\":\"https:\\\/\\\/www.orangehotel.be\\\/nl\\\/#organization\",\"name\":\"Orange H\u00f4tel\",\"url\":\"https:\\\/\\\/www.orangehotel.be\\\/nl\\\/\",\"logo\":{\"@type\":\"ImageObject\",\"inLanguage\":\"nl-NL\",\"@id\":\"https:\\\/\\\/www.orangehotel.be\\\/nl\\\/#\\\/schema\\\/logo\\\/image\\\/\",\"url\":\"https:\\\/\\\/orangehotel.be\\\/wp-content\\\/uploads\\\/2021\\\/11\\\/logo.png\",\"contentUrl\":\"https:\\\/\\\/orangehotel.be\\\/wp-content\\\/uploads\\\/2021\\\/11\\\/logo.png\",\"width\":213,\"height\":68,\"caption\":\"Orange H\u00f4tel\"},\"image\":{\"@id\":\"https:\\\/\\\/www.orangehotel.be\\\/nl\\\/#\\\/schema\\\/logo\\\/image\\\/\"}}]}<\/script>\n<!-- \/ Yoast SEO plugin. -->","yoast_head_json":{"title":"Appart Hotel 80m\u00b2 &#8226; Orange H\u00f4tel","robots":{"index":"index","follow":"follow","max-snippet":"max-snippet:-1","max-image-preview":"max-image-preview:large","max-video-preview":"max-video-preview:-1"},"canonical":"https:\/\/www.orangehotel.be\/nl\/kamers\/appart-hotel-80m\/","og_locale":"nl_NL","og_type":"article","og_title":"Appart Hotel 80m\u00b2 &#8226; Orange H\u00f4tel","og_description":"Zich thuis Voelen \u2013 dat is het doel van ons Appart Hotel!","og_url":"https:\/\/www.orangehotel.be\/nl\/kamers\/appart-hotel-80m\/","og_site_name":"Orange H\u00f4tel","article_modified_time":"2026-04-30T08:50:54+00:00","og_image":[{"width":1920,"height":1280,"url":"https:\/\/www.orangehotel.be\/wp-content\/uploads\/2026\/04\/orange-hotel-serviced-appartment-apparthotel80sqm-2-1.jpg","type":"image\/jpeg"}],"twitter_card":"summary_large_image","schema":{"@context":"https:\/\/schema.org","@graph":[{"@type":"WebPage","@id":"https:\/\/www.orangehotel.be\/nl\/kamers\/appart-hotel-80m\/","url":"https:\/\/www.orangehotel.be\/nl\/kamers\/appart-hotel-80m\/","name":"Appart Hotel 80m\u00b2 &#8226; Orange H\u00f4tel","isPartOf":{"@id":"https:\/\/www.orangehotel.be\/nl\/#website"},"primaryImageOfPage":{"@id":"https:\/\/www.orangehotel.be\/nl\/kamers\/appart-hotel-80m\/#primaryimage"},"image":{"@id":"https:\/\/www.orangehotel.be\/nl\/kamers\/appart-hotel-80m\/#primaryimage"},"thumbnailUrl":"https:\/\/www.orangehotel.be\/wp-content\/uploads\/2026\/04\/orange-hotel-serviced-appartment-apparthotel80sqm-2-1.jpg","datePublished":"2026-04-30T08:50:53+00:00","dateModified":"2026-04-30T08:50:54+00:00","breadcrumb":{"@id":"https:\/\/www.orangehotel.be\/nl\/kamers\/appart-hotel-80m\/#breadcrumb"},"inLanguage":"nl-NL","potentialAction":[{"@type":"ReadAction","target":["https:\/\/www.orangehotel.be\/nl\/kamers\/appart-hotel-80m\/"]}]},{"@type":"ImageObject","inLanguage":"nl-NL","@id":"https:\/\/www.orangehotel.be\/nl\/kamers\/appart-hotel-80m\/#primaryimage","url":"https:\/\/www.orangehotel.be\/wp-content\/uploads\/2026\/04\/orange-hotel-serviced-appartment-apparthotel80sqm-2-1.jpg","contentUrl":"https:\/\/www.orangehotel.be\/wp-content\/uploads\/2026\/04\/orange-hotel-serviced-appartment-apparthotel80sqm-2-1.jpg","width":1920,"height":1280,"caption":"Aparthotel 80m\u00b2 in La Louvi\u00e8re (Belgium)"},{"@type":"BreadcrumbList","@id":"https:\/\/www.orangehotel.be\/nl\/kamers\/appart-hotel-80m\/#breadcrumb","itemListElement":[{"@type":"ListItem","position":1,"name":"Accueil","item":"https:\/\/www.orangehotel.be\/nl\/"},{"@type":"ListItem","position":2,"name":"Chambres","item":"https:\/\/www.orangehotel.be\/nl\/kamers\/"},{"@type":"ListItem","position":3,"name":"Appart Hotel 80m\u00b2"}]},{"@type":"WebSite","@id":"https:\/\/www.orangehotel.be\/nl\/#website","url":"https:\/\/www.orangehotel.be\/nl\/","name":"Orange H\u00f4tel","description":"Un h\u00f4tel B&amp;B entre La Louvi\u00e8re et Mons, proche de l&#039;A\u00e9roport de Charleroi","publisher":{"@id":"https:\/\/www.orangehotel.be\/nl\/#organization"},"potentialAction":[{"@type":"SearchAction","target":{"@type":"EntryPoint","urlTemplate":"https:\/\/www.orangehotel.be\/nl\/?s={search_term_string}"},"query-input":{"@type":"PropertyValueSpecification","valueRequired":true,"valueName":"search_term_string"}}],"inLanguage":"nl-NL"},{"@type":"Organization","@id":"https:\/\/www.orangehotel.be\/nl\/#organization","name":"Orange H\u00f4tel","url":"https:\/\/www.orangehotel.be\/nl\/","logo":{"@type":"ImageObject","inLanguage":"nl-NL","@id":"https:\/\/www.orangehotel.be\/nl\/#\/schema\/logo\/image\/","url":"https:\/\/orangehotel.be\/wp-content\/uploads\/2021\/11\/logo.png","contentUrl":"https:\/\/orangehotel.be\/wp-content\/uploads\/2021\/11\/logo.png","width":213,"height":68,"caption":"Orange H\u00f4tel"},"image":{"@id":"https:\/\/www.orangehotel.be\/nl\/#\/schema\/logo\/image\/"}}]}},"_links":{"self":[{"href":"https:\/\/www.orangehotel.be\/nl\/wp-json\/wp\/v2\/rooms\/7567","targetHints":{"allow":["GET"]}}],"collection":[{"href":"https:\/\/www.orangehotel.be\/nl\/wp-json\/wp\/v2\/rooms"}],"about":[{"href":"https:\/\/www.orangehotel.be\/nl\/wp-json\/wp\/v2\/types\/rooms"}],"version-history":[{"count":1,"href":"https:\/\/www.orangehotel.be\/nl\/wp-json\/wp\/v2\/rooms\/7567\/revisions"}],"predecessor-version":[{"id":7576,"href":"https:\/\/www.orangehotel.be\/nl\/wp-json\/wp\/v2\/rooms\/7567\/revisions\/7576"}],"wp:featuredmedia":[{"embeddable":true,"href":"https:\/\/www.orangehotel.be\/nl\/wp-json\/wp\/v2\/media\/7568"}],"wp:attachment":[{"href":"https:\/\/www.orangehotel.be\/nl\/wp-json\/wp\/v2\/media?parent=7567"}],"curies":[{"name":"wp","href":"https:\/\/api.w.org\/{rel}","templated":true}]}}